{"id":1211,"date":"2019-09-26T12:47:30","date_gmt":"2019-09-26T12:47:30","guid":{"rendered":"https:\/\/musea.qodeinteractive.com\/?page_id=1211"},"modified":"2020-12-22T15:34:49","modified_gmt":"2020-12-22T15:34:49","slug":"historia","status":"publish","type":"page","link":"http:\/\/www.granitsbarbany.com\/ca\/historia\/","title":{"rendered":"La nostra hist\u00f2ria"},"content":{"rendered":"<p>[vc_row][vc_column]\n\t\t\t<!-- START historia REVOLUTION SLIDER 6.2.23 --><p class=\"rs-p-wp-fix\"><\/p>\n\t\t\t<rs-module-wrap id=\"rev_slider_17_1_wrapper\" data-source=\"gallery\" style=\"background:#000000;padding:0;margin:0px auto;margin-top:0;margin-bottom:0;\">\n\t\t\t\t<rs-module id=\"rev_slider_17_1\" style=\"\" data-version=\"6.2.23\">\n\t\t\t\t\t<rs-slides>\n\t\t\t\t\t\t<rs-slide data-key=\"rs-34\" data-title=\"Slide\" data-anim=\"ei:d;eo:d;s:1000;r:0;t:fade;sl:0;\">\n\t\t\t\t\t\t\t<img src=\"\/\/www.granitsbarbany.com\/wp-content\/plugins\/revslider\/public\/assets\/assets\/transparent.png\" title=\"La nostra hist\u00f2ria\" class=\"rev-slidebg\" data-no-retina>\n\t\t\t\t\t\t\t<rs-bgvideo \n\t\t\t\t\t\t\t\tdata-video=\"w:100%;h:100%;nse:false;l:true;ptimer:false;\"\n\t\t\t\t\t\t\t\tdata-mp4=\"\/\/www.granitsbarbany.com\/wp-content\/uploads\/2019\/09\/Slider3.mp4\"\n\t\t\t\t\t\t\t><\/rs-bgvideo>\n<!--\n\t\t\t\t\t\t\t--><h1\n\t\t\t\t\t\t\t\tid=\"slider-17-slide-34-layer-0\" \n\t\t\t\t\t\t\t\tclass=\"rs-layer\"\n\t\t\t\t\t\t\t\tdata-type=\"text\"\n\t\t\t\t\t\t\t\tdata-xy=\"x:c;xo:0,4px,0,0;y:m;yo:-5px,0,-34px,0;\"\n\t\t\t\t\t\t\t\tdata-text=\"w:normal,normal,normal,normal;s:51,55,55,40;l:87,60,75,65;ls:13.2px,10px,11px,11px;a:center;\"\n\t\t\t\t\t\t\t\tdata-dim=\"w:auto,709px,436px,436px;\"\n\t\t\t\t\t\t\t\tdata-rsp_o=\"off\"\n\t\t\t\t\t\t\t\tdata-rsp_bd=\"off\"\n\t\t\t\t\t\t\t\tdata-frame_0=\"y:100%;\"\n\t\t\t\t\t\t\t\tdata-frame_1=\"e:power4.out;st:500;sp:1000;sR:500;\"\n\t\t\t\t\t\t\t\tdata-frame_999=\"o:0;st:w;sR:7500;\"\n\t\t\t\t\t\t\t\tstyle=\"z-index:8;font-family:EB Garamond;text-transform:uppercase;\"\n\t\t\t\t\t\t\t>LA NOSTRA HIST\u00d2RIA \n\t\t\t\t\t\t\t<\/h1><!--\n\n\t\t\t\t\t\t\t--><rs-layer\n\t\t\t\t\t\t\t\tid=\"slider-17-slide-34-layer-3\" \n\t\t\t\t\t\t\t\tdata-type=\"image\"\n\t\t\t\t\t\t\t\tdata-xy=\"x:c;xo:-517px,-417px,-287px,-287px;y:m;yo:-4px,0,-34px,-55px;\"\n\t\t\t\t\t\t\t\tdata-text=\"w:normal;\"\n\t\t\t\t\t\t\t\tdata-dim=\"w:147px,147px,100px,100px;h:['1px','1px','1px','1px'];\"\n\t\t\t\t\t\t\t\tdata-rsp_o=\"off\"\n\t\t\t\t\t\t\t\tdata-rsp_bd=\"off\"\n\t\t\t\t\t\t\t\tdata-frame_0=\"x:100%;\"\n\t\t\t\t\t\t\t\tdata-frame_0_mask=\"u:t;\"\n\t\t\t\t\t\t\t\tdata-frame_1=\"st:500;sp:1000;\"\n\t\t\t\t\t\t\t\tdata-frame_1_mask=\"u:t;\"\n\t\t\t\t\t\t\t\tdata-frame_999=\"o:0;st:w;sR:7500;\"\n\t\t\t\t\t\t\t\tstyle=\"z-index:10;\"\n\t\t\t\t\t\t\t><img src=\"\/\/www.granitsbarbany.com\/wp-content\/uploads\/revslider\/main-home\/h1-rev-img-1.png\" width=\"147\" height=\"1\" data-no-retina> \n\t\t\t\t\t\t\t<\/rs-layer><!--\n\n\t\t\t\t\t\t\t--><rs-layer\n\t\t\t\t\t\t\t\tid=\"slider-17-slide-34-layer-4\" \n\t\t\t\t\t\t\t\tdata-type=\"image\"\n\t\t\t\t\t\t\t\tdata-xy=\"x:c;xo:501px,417px,287px,287px;y:m;yo:-4px,0,-34px,-55px;\"\n\t\t\t\t\t\t\t\tdata-text=\"w:normal;\"\n\t\t\t\t\t\t\t\tdata-dim=\"w:147px,147px,100px,100px;h:['1px','1px','1px','1px'];\"\n\t\t\t\t\t\t\t\tdata-rsp_o=\"off\"\n\t\t\t\t\t\t\t\tdata-rsp_bd=\"off\"\n\t\t\t\t\t\t\t\tdata-frame_0=\"x:-100%;\"\n\t\t\t\t\t\t\t\tdata-frame_0_mask=\"u:t;\"\n\t\t\t\t\t\t\t\tdata-frame_1=\"st:500;sp:1000;\"\n\t\t\t\t\t\t\t\tdata-frame_1_mask=\"u:t;\"\n\t\t\t\t\t\t\t\tdata-frame_999=\"o:0;st:w;sR:7500;\"\n\t\t\t\t\t\t\t\tstyle=\"z-index:9;\"\n\t\t\t\t\t\t\t><img src=\"\/\/www.granitsbarbany.com\/wp-content\/uploads\/revslider\/main-home\/h1-rev-img-1.png\" width=\"147\" height=\"1\" data-no-retina> \n\t\t\t\t\t\t\t<\/rs-layer><!--\n-->\t\t\t\t\t\t<\/rs-slide>\n\t\t\t\t\t<\/rs-slides>\n\t\t\t\t<\/rs-module>\n\t\t\t\t<script type=\"text\/javascript\">\n\t\t\t\t\tsetREVStartSize({c: 'rev_slider_17_1',rl:[1240,1024,778,480],el:[550,600,600,500],gw:[1300,1100,600,550],gh:[550,550,600,500],type:'standard',justify:'',layout:'fullwidth',mh:\"0\"});\n\t\t\t\t\tvar\trevapi17,\n\t\t\t\t\t\ttpj;\n\t\t\t\t\tfunction revinit_revslider171() {\n\t\t\t\t\tjQuery(function() {\n\t\t\t\t\t\ttpj = jQuery;\n\t\t\t\t\t\trevapi17 = tpj(\"#rev_slider_17_1\");\n\t\t\t\t\t\tif(revapi17==undefined || revapi17.revolution == undefined){\n\t\t\t\t\t\t\trevslider_showDoubleJqueryError(\"rev_slider_17_1\");\n\t\t\t\t\t\t}else{\n\t\t\t\t\t\t\trevapi17.revolution({\n\t\t\t\t\t\t\t\tsliderLayout:\"fullwidth\",\n\t\t\t\t\t\t\t\tduration:\"6000ms\",\n\t\t\t\t\t\t\t\tvisibilityLevels:\"1240,1024,778,480\",\n\t\t\t\t\t\t\t\tgridwidth:\"1300,1100,600,550\",\n\t\t\t\t\t\t\t\tgridheight:\"550,550,600,500\",\n\t\t\t\t\t\t\t\tperspective:600,\n\t\t\t\t\t\t\t\tperspectiveType:\"local\",\n\t\t\t\t\t\t\t\teditorheight:\"550,600,600,500\",\n\t\t\t\t\t\t\t\tresponsiveLevels:\"1240,1024,778,480\",\n\t\t\t\t\t\t\t\tprogressBar:{disableProgressBar:true},\n\t\t\t\t\t\t\t\tnavigation: {\n\t\t\t\t\t\t\t\t\tonHoverStop:false\n\t\t\t\t\t\t\t\t},\n\t\t\t\t\t\t\t\tfallbacks: {\n\t\t\t\t\t\t\t\t\tpanZoomDisableOnMobile:true,\n\t\t\t\t\t\t\t\t\tallowHTML5AutoPlayOnAndroid:true\n\t\t\t\t\t\t\t\t},\n\t\t\t\t\t\t\t});\n\t\t\t\t\t\t}\n\t\t\t\t\t\t\n\t\t\t\t\t});\n\t\t\t\t\t} \/\/ End of RevInitScript\n\t\t\t\tvar once_revslider171 = false;\n\t\t\t\tif (document.readyState === \"loading\") {document.addEventListener('readystatechange',function() { if((document.readyState === \"interactive\" || document.readyState === \"complete\") && !once_revslider171 ) { once_revslider171 = true; revinit_revslider171();}});} else {once_revslider171 = true; revinit_revslider171();}\n\t\t\t\t<\/script>\n\t\t\t<\/rs-module-wrap>\n\t\t\t<!-- END REVOLUTION SLIDER -->\n[\/vc_column][\/vc_row][vc_row row_content_width=&#8221;grid&#8221; css=&#8221;.vc_custom_1591612090396{padding-top: 145px !important;padding-bottom: 8px !important;}&#8221; el_class=&#8221;mes-picantpedra&#8221;][vc_column offset=&#8221;vc_col-lg-offset-1 vc_col-lg-10 vc_col-md-offset-0 vc_col-md-12 vc_col-sm-offset-0 vc_col-xs-12&#8243;]<div class=\"eltdf-section-title-holder   eltdf-st-decorative-line\" style=\"text-align: center\">\n\t<div class=\"eltdf-st-inner\">\n        \t\t\t\t\t<h2 class=\"eltdf-st-title\" >\n    <span class=\"eltdf-st-title-inner\"><span class=\"eltdf-st-side-line-left\" ><\/span>M\u00e9s de 130 anys picant pedra<span class=\"eltdf-st-side-line-right\" ><\/span><\/span>\n\t\t\t<\/h2>\n\t\t\t\t\t\t\t<\/div>\n<\/div>[vc_empty_space height=&#8221;5px&#8221;][vc_column_text]<\/p>\n<p style=\"text-align: center;\">Diuen que la hist\u00f2ria s\u2019ha de llegir a les pedres. Nosaltres hi escrivim la nostra, ja que la passi\u00f3 per la pedra ens acompanya fins i tot als dinars. Perqu\u00e8 ho portem a la sang, ho portem a les mans.<\/p>\n<p>[\/vc_column_text][\/vc_column][\/vc_row][vc_row content_placement=&#8221;middle&#8221; row_content_width=&#8221;grid&#8221; el_class=&#8221;eltdf-workflow-custom-alignment&#8221;][vc_column]<div class=\"eltdf-elements-holder   eltdf-one-column  eltdf-responsive-mode-768 eltdf-one-column-alignment-center\" ><div class=\"eltdf-eh-item    \"  data-item-class=\"eltdf-eh-custom-3976\" data-1400-1600=\"0 0 160px 0\" data-1025-1399=\"0 0 160px 0\" data-769-1024=\"0 0 60px 0\" data-681-768=\"0 0 60px 0\" data-680=\"0 0 60px 0\">\n\t<div class=\"eltdf-eh-item-inner\">\n\t\t<div class=\"eltdf-eh-item-content eltdf-eh-custom-3976\" style=\"padding: 0 0 160px 0\">\n\t\t\t<div class=\"eltdf-workflow eltdf-workflow-animate\">\n    <span class=\"alt-line\"><\/span>\n    <span class=\"main-line\" style=\"background-color:#4e4e4e;\"><\/span>\n    <div class=\"eltdf-workflow-item\">\n    <span class=\"line\" style=\"\"><\/span>\n    <div class=\"eltdf-workflow-item-inner\">\n        <div class=\"eltdf-workflow-image\">\n            <img width=\"780\" height=\"1024\" src=\"http:\/\/www.granitsbarbany.com\/wp-content\/uploads\/2020\/06\/besavi.jpg\" class=\"attachment-full size-full\" alt=\"\" loading=\"lazy\" srcset=\"http:\/\/www.granitsbarbany.com\/wp-content\/uploads\/2020\/06\/besavi.jpg 780w, http:\/\/www.granitsbarbany.com\/wp-content\/uploads\/2020\/06\/besavi-229x300.jpg 229w, http:\/\/www.granitsbarbany.com\/wp-content\/uploads\/2020\/06\/besavi-768x1008.jpg 768w\" sizes=\"(max-width: 780px) 100vw, 780px\" \/>        <\/div>\n        <div class=\"eltdf-workflow-text\">\n            <span class=\"circle\" style=\"border-color:#4e4e4e;background-color:#4e4e4e;\"><\/span>\n            <span class=\"circle-line\" style=\"background-color:#4e4e4e;\"><\/span>\n                            <div class=\"year\">1884 - 1962<\/div>\n                        <div class=\"eltdf-workflow-title-text-holder\">\n                                    <div class=\"year-responsive\">1884 - 1962<\/div>\n                                                    <span class=\"eltdf-workflow-caption\">L&#039;espurna<\/span>\n                                                    <h2>Joan Barbany i Verdaguer<\/h2>\n                                                    <span class=\"text\">Tot foc necessita la seva espurna. En el nostre cas, Joan Barbany fou aix\u00f2 i molt m\u00e9s.<br \/>\nAmb tan sols 10 anys ja estava donant els seus primers passos com a picapedrer a Marsella. La professi\u00f3 el va portar a veure m\u00f3n i empapar-se de coneixement en pa\u00efsos com Arg\u00e8lia, Marroc i Fran\u00e7a.<br \/>\nUn cop de tornada a la seva terra natal va realitzar-se professionalment a les pedreres de Montju\u00efc de Barcelona i a la pedrera de Sant Esteve d\u2019Alcoll, on s\u2019hi va establir definitivament.<br \/>\nEntre les seves nombroses obres hi podem trobar el Monument als Caiguts a Barcelona, la Columna del Fanal de La Rambla de Barcelona o l\u2019Altar de Breda. Tamb\u00e9 fou el primer Barbany en lliurar material per a la nostra estimada Sagrada Fam\u00edlia de Barcelona.<\/span>\n                            <\/div>\n        <\/div>\n    <\/div>\n<\/div><div class=\"eltdf-workflow-item\">\n    <span class=\"line\" style=\"\"><\/span>\n    <div class=\"eltdf-workflow-item-inner\">\n        <div class=\"eltdf-workflow-image\">\n            <img width=\"780\" height=\"1024\" src=\"http:\/\/www.granitsbarbany.com\/wp-content\/uploads\/2020\/06\/tiet-pere.jpg\" class=\"attachment-full size-full\" alt=\"\" loading=\"lazy\" srcset=\"http:\/\/www.granitsbarbany.com\/wp-content\/uploads\/2020\/06\/tiet-pere.jpg 780w, http:\/\/www.granitsbarbany.com\/wp-content\/uploads\/2020\/06\/tiet-pere-229x300.jpg 229w, http:\/\/www.granitsbarbany.com\/wp-content\/uploads\/2020\/06\/tiet-pere-768x1008.jpg 768w\" sizes=\"(max-width: 780px) 100vw, 780px\" \/>        <\/div>\n        <div class=\"eltdf-workflow-text\">\n            <span class=\"circle\" style=\"border-color:#4e4e4e;background-color:#4e4e4e;\"><\/span>\n            <span class=\"circle-line\" style=\"background-color:#4e4e4e;\"><\/span>\n                            <div class=\"year\">1911 - 1998<\/div>\n                        <div class=\"eltdf-workflow-title-text-holder\">\n                                    <div class=\"year-responsive\">1911 - 1998<\/div>\n                                                    <span class=\"eltdf-workflow-caption\">De la pedra, un art<\/span>\n                                                    <h2>Pere Barbany i Sabat\u00e9s (Peret)<\/h2>\n                                                    <span class=\"text\">En Pere Barbany va viure els primers anys a cavall de Catalunya i Arg\u00e8lia, on hi va aprendre el franc\u00e8s. No va ser all\u00e0 sin\u00f3 a la pedrera de Sant Esteve d\u2019Alcoll on de ben petit va comen\u00e7ar a embrutar-s\u2019hi les mans.<br \/>\nDe jove, va patir una ferida de guerra a la seva m\u00e0 esquerra. Aquella m\u00e0 esguerrada i el seu car\u00e0cter rebel van apropar-lo a l\u2019entorn art\u00edstic i bohemi de l\u2019\u00e8poca. La seva habilitat i destresa en l\u2019ofici entusiasmava a qui l\u2019envoltava. Tant va ser aix\u00ed que va formar relacions personals i professionals molt estretes amb reconeguts artistes com Manuel Cusachs, Josep Pla o Manolo Hugu\u00e9.<br \/>\nEn Peret va viure sempre al costat del seu germ\u00e0, aportant un toc d\u2019alegre bogeria a la professi\u00f3.<\/span>\n                            <\/div>\n        <\/div>\n    <\/div>\n<\/div><div class=\"eltdf-workflow-item\">\n    <span class=\"line\" style=\"\"><\/span>\n    <div class=\"eltdf-workflow-item-inner\">\n        <div class=\"eltdf-workflow-image\">\n            <img width=\"780\" height=\"1024\" src=\"http:\/\/www.granitsbarbany.com\/wp-content\/uploads\/2020\/06\/avi-pitu.jpg\" class=\"attachment-full size-full\" alt=\"\" loading=\"lazy\" srcset=\"http:\/\/www.granitsbarbany.com\/wp-content\/uploads\/2020\/06\/avi-pitu.jpg 780w, http:\/\/www.granitsbarbany.com\/wp-content\/uploads\/2020\/06\/avi-pitu-229x300.jpg 229w, http:\/\/www.granitsbarbany.com\/wp-content\/uploads\/2020\/06\/avi-pitu-768x1008.jpg 768w\" sizes=\"(max-width: 780px) 100vw, 780px\" \/>        <\/div>\n        <div class=\"eltdf-workflow-text\">\n            <span class=\"circle\" style=\"border-color:#4e4e4e;background-color:#4e4e4e;\"><\/span>\n            <span class=\"circle-line\" style=\"background-color:#4e4e4e;\"><\/span>\n                            <div class=\"year\">1925 - 2012<\/div>\n                        <div class=\"eltdf-workflow-title-text-holder\">\n                                    <div class=\"year-responsive\">1925 - 2012<\/div>\n                                                    <span class=\"eltdf-workflow-caption\">El primer mestre artes\u00e0<\/span>\n                                                    <h2>JOSEP BARBANY I SABAT\u00c9S (PITU)<\/h2>\n                                                    <span class=\"text\">En ple esclat de la Guerra Civil, en Josep Barbany, amb 10 anys, va tenir la seva primera experi\u00e8ncia com a picapedrer protegint-se de la guerra a la pedrera familiar d\u2019Alcoll.<br \/>\nGr\u00e0cies al mestratge del seu pare i germ\u00e0, i amb el seu esperit constant de superaci\u00f3 va aconseguir un domini de la professi\u00f3 a l\u2019abast de pocs. A l\u2019any 1950, juntament amb Francisca Triad\u00f3 i Roig, varen obrir la pedrera d\u2019\u00d2rrius.<br \/>\nEn Pitu fou un artes\u00e0 picapedrer molt prol\u00edfic. En el seu llegat hi perduren nombroses obres d\u2019escultura i construcci\u00f3 aix\u00ed com d\u2019obra religiosa, entre les quals hi destaquen treballs de restauraci\u00f3 de l\u2019Hospital de Sant Pau, Can Serra i de La Carassa de Barcelona, les Esgl\u00e9sies de Mosqueroles, de Sant Josep i Sant Jaume de Matar\u00f3, Monument a Josep Pla de Palafrugell o la Columna al Pati dels Capellans a Elx.<br \/>\nAquest trajecte va ser reconegut oficialment l\u2019any 2000 amb el diploma de Mestre Artes\u00e0.<\/span>\n                            <\/div>\n        <\/div>\n    <\/div>\n<\/div><div class=\"eltdf-workflow-item\">\n    <span class=\"line\" style=\"\"><\/span>\n    <div class=\"eltdf-workflow-item-inner\">\n        <div class=\"eltdf-workflow-image\">\n            <img width=\"781\" height=\"1024\" src=\"http:\/\/www.granitsbarbany.com\/wp-content\/uploads\/2020\/06\/JORDI_C\u00d2RSEGA.jpg\" class=\"attachment-full size-full\" alt=\"\" loading=\"lazy\" srcset=\"http:\/\/www.granitsbarbany.com\/wp-content\/uploads\/2020\/06\/JORDI_C\u00d2RSEGA.jpg 781w, http:\/\/www.granitsbarbany.com\/wp-content\/uploads\/2020\/06\/JORDI_C\u00d2RSEGA-229x300.jpg 229w, http:\/\/www.granitsbarbany.com\/wp-content\/uploads\/2020\/06\/JORDI_C\u00d2RSEGA-768x1007.jpg 768w\" sizes=\"(max-width: 781px) 100vw, 781px\" \/>        <\/div>\n        <div class=\"eltdf-workflow-text\">\n            <span class=\"circle\" style=\"border-color:#4e4e4e;background-color:#4e4e4e;\"><\/span>\n            <span class=\"circle-line\" style=\"background-color:#4e4e4e;\"><\/span>\n                            <div class=\"year\">1965 -<\/div>\n                        <div class=\"eltdf-workflow-title-text-holder\">\n                                    <div class=\"year-responsive\">1965 -<\/div>\n                                                    <span class=\"eltdf-workflow-caption\">L\u2019art de la pedra adaptat al segle XXI<\/span>\n                                                    <h2>Jordi Barbany i Triad\u00f3<\/h2>\n                                                    <span class=\"text\">En l\u2019ofici des dels 16 anys, en Jordi Barbany ha estat capa\u00e7 d\u2019adaptar la metodologia de treball d'artes\u00e0 picapedrer al segle XXI i de marcar un segell propi en la producci\u00f3 de la empresa.<br \/>\nA partir de 1993 la seva esposa, Ana Maria Fern\u00e1ndez, s\u2019incorpor\u00e0 al negoci familiar. Fou en aquell mateix any que van realitzar la primera escultura per a la Sagrada Fam\u00edlia, un enc\u00e0rrec que va marcar el seu futur.<br \/>\nA l\u2019any 2000, en Jordi i l'Anna funden Granits Barbany S.L. Al 2008, amb el neguit constant d'avan\u00e7ar en l'ofici, s'instal\u00b7len al nou taller. \u00c9s aqu\u00ed on explotaran la metodolog\u00eda de treball i amb maquin\u00e0ria d'\u00faltima generaci\u00f3.<br \/>\nEn Jordi ha participat en la realitzaci\u00f3 d\u2019obres de renom mundial com la Sagrada Fam\u00edlia, Santa Maria del Mar o Santa Maria de Matar\u00f3. No nom\u00e9s aix\u00f2, tamb\u00e9 ha deixat empremta en nombrosos monuments i escultures, com l\u2019Esculapi d\u2019Emp\u00faries. En la seva vessant m\u00e9s art\u00edstica ha col\u00b7laborat amb grans artistes com Jaume Plensa, Adel Abdessemed, Jordi Benito, Llu\u00eds Vent\u00f3s, Manuel Cusachs o Lau Feliu, entre d\u2019altres.<br \/>\nCom a reconeixement per a la seva traject\u00f2ria l\u2019any 2015 va rebre el diploma de Mestre Artes\u00e0.<\/span>\n                            <\/div>\n        <\/div>\n    <\/div>\n<\/div><div class=\"eltdf-workflow-item\">\n    <span class=\"line\" style=\"\"><\/span>\n    <div class=\"eltdf-workflow-item-inner\">\n        <div class=\"eltdf-workflow-image\">\n            <img width=\"780\" height=\"1024\" src=\"http:\/\/www.granitsbarbany.com\/wp-content\/uploads\/2020\/06\/arnau-julia.jpg\" class=\"attachment-full size-full\" alt=\"\" loading=\"lazy\" srcset=\"http:\/\/www.granitsbarbany.com\/wp-content\/uploads\/2020\/06\/arnau-julia.jpg 780w, http:\/\/www.granitsbarbany.com\/wp-content\/uploads\/2020\/06\/arnau-julia-229x300.jpg 229w, http:\/\/www.granitsbarbany.com\/wp-content\/uploads\/2020\/06\/arnau-julia-768x1008.jpg 768w\" sizes=\"(max-width: 780px) 100vw, 780px\" \/>        <\/div>\n        <div class=\"eltdf-workflow-text\">\n            <span class=\"circle\" style=\"border-color:#4e4e4e;background-color:#4e4e4e;\"><\/span>\n            <span class=\"circle-line\" style=\"background-color:#4e4e4e;\"><\/span>\n                            <div class=\"year\">1993 \/ 1996 -<\/div>\n                        <div class=\"eltdf-workflow-title-text-holder\">\n                                    <div class=\"year-responsive\">1993 \/ 1996 -<\/div>\n                                                    <span class=\"eltdf-workflow-caption\">El present i futur<\/span>\n                                                    <h2>Arnau i J\u00falia Barbany Fern\u00e1ndez<\/h2>\n                                                    <span class=\"text\">L\u2019Arnau i la J\u00falia, fills de l\u2019Anna i en Jordi, 4\u00aa generaci\u00f3 de la nissaga, des de ben petits han viscut de primera m\u00e0 l\u2019ofici de l'artes\u00e0 picapedrer.<br \/>\nL\u2019Arnau va iniciar-se a la pedrera d\u2019\u00d2rrius acompanyat del seu pare Jordi i l\u2019avi Pitu. I despr\u00e9s de cursar els seus estudis universitaris, \u00e9s l'encarregat de gestionar la producci\u00f3 del taller, on t\u00e9 l'oportunitat d'evolucionar professionalment envoltat de maquin\u00e0ria puntera.<br \/>\nHa estat el darrer membre de la nissaga en treballar per en Manuel Cusachs, a l\u2019escultura de Sant Antoni Abat. Tamb\u00e9 ha realitzat produccions per a artistes reconeguts com Jaume Plensa, Adel Abdessemed, Llu\u00eds Vent\u00f3s, i joves dissenyadors com en Max Enrich o la Sanna V\u00f6lker.<br \/>\nLa J\u00falia, com tots els de la nissaga, coneix de primera m\u00e0 la pedrera i qu\u00e8 l'envolta.<br \/>\nHa realitzat un doble grau de Protocol i Relacions Internacionals. Tamb\u00e9 un M\u00e0ster en Gesti\u00f3 Esportiva a l'Institut Johan Cruyff.<br \/>\nA Barbany \u00e9s la responsable de la imatge de l\u2019empresa i de les relacions internacionals. Tamb\u00e9 \u00e9s qui es cuida de promoure i organitzar els actes i visites comercials a l\u2019empresa.<br \/>\nAmbd\u00f3s saben que l\u2019esfor\u00e7 \u00e9s la primera condici\u00f3 i l\u2019eina que participa fins el final del proc\u00e9s en la creaci\u00f3 de peces \u00faniques.<\/span>\n                            <\/div>\n        <\/div>\n    <\/div>\n<\/div>    <div class=\"eltdf-workflow-item eltdf-wi-hidden\">\n        <div class=\"eltdf-workflow-item-inner\">\n            <div class=\"eltdf-workflow-text\">\n                <span class=\"circle\"><\/span>\n            <\/div>\n        <\/div>\n    <\/div>\n<\/div>\t\t<\/div>\n\t<\/div>\n<\/div><\/div>[\/vc_column][\/vc_row][vc_row row_content_width=&#8221;grid&#8221; disable_background_image=&#8221;&#8221; css=&#8221;.vc_custom_1590484665524{padding-top: 40px !important;padding-bottom: 40px !important;}&#8221; simple_background_image=&#8221;2547&#8243;][vc_column]<div class=\"eltdf-elements-holder   eltdf-two-columns  eltdf-responsive-mode-1024 eltdf-one-column-alignment-left\" ><div class=\"eltdf-eh-item    \"  data-item-class=\"eltdf-eh-custom-6891\" data-1400-1600=\"127px 60px 134px 150px\" data-1025-1399=\"127px 60px 134px 100px\" data-769-1024=\"127px 100px 62px 100px\" data-681-768=\"100px 20px 50px 20px\" data-680=\"80px 10px 60px 10px\">\n\t<div class=\"eltdf-eh-item-inner\">\n\t\t<div class=\"eltdf-eh-item-content eltdf-eh-custom-6891\" style=\"padding: 120px 110px 120px 110px\">\n\t\t\t<div class=\"eltdf-section-title-holder   \" style=\"text-align: left\">\n\t<div class=\"eltdf-st-inner\">\n                    <span class=\"eltdf-st-caption\" style=\"color: #ffffff;margin: 0 0 6px 0\">\n                <span class=\"eltdf-st-caption-inner\" >Seguim en contacte<\/span>\n            <\/span>\n        \t\t\t\t\t<h2 class=\"eltdf-st-title\" style=\"color: #ffffff\">\n    <span class=\"eltdf-st-title-inner\"><span class=\"eltdf-st-side-line-left\" ><\/span>Newsletter<span class=\"eltdf-st-side-line-right\" ><\/span><\/span>\n\t\t\t<\/h2>\n\t\t\t\t\t\t\t<\/div>\n<\/div>[vc_empty_space height=&#8221;4px&#8221;][vc_column_text]<\/p>\n<p style=\"color: #fff;\">Si vols rebre les novetats relatives al nostre equip i la nostra feina, deixa\u2019ns les teves dades per a seguir en contacte per e-mail.<\/p>\n<p>[\/vc_column_text][vc_empty_space height=&#8221;24px&#8221;]\t\t<\/div>\n\t<\/div>\n<\/div><div class=\"eltdf-eh-item    \"  data-item-class=\"eltdf-eh-custom-8338\" data-1400-1600=\"32px 150px 40px 50px\" data-1025-1399=\"0 100px 40px 50px\" data-769-1024=\"0 100px 160px 100px\" data-681-768=\"0 20px 100px 20px\" data-680=\"0 10px 100px 10px\">\n\t<div class=\"eltdf-eh-item-inner\">\n\t\t<div class=\"eltdf-eh-item-content eltdf-eh-custom-8338\" style=\"padding: 80px 120px 40px 80px\">\n\t\t\t<div role=\"form\" class=\"wpcf7\" id=\"wpcf7-f232-o1\" lang=\"ca\" dir=\"ltr\">\n<div class=\"screen-reader-response\"><p role=\"status\" aria-live=\"polite\" aria-atomic=\"true\"><\/p> <ul><\/ul><\/div>\n<form action=\"\/ca\/wp-json\/wp\/v2\/pages\/1211#wpcf7-f232-o1\" method=\"post\" class=\"wpcf7-form init\" novalidate=\"novalidate\" data-status=\"init\">\n<div style=\"display: none;\">\n<input type=\"hidden\" name=\"_wpcf7\" value=\"232\" \/>\n<input type=\"hidden\" name=\"_wpcf7_version\" value=\"5.4.2\" \/>\n<input type=\"hidden\" name=\"_wpcf7_locale\" value=\"ca\" \/>\n<input type=\"hidden\" name=\"_wpcf7_unit_tag\" value=\"wpcf7-f232-o1\" \/>\n<input type=\"hidden\" name=\"_wpcf7_container_post\" value=\"0\" \/>\n<input type=\"hidden\" name=\"_wpcf7_posted_data_hash\" value=\"\" \/>\n<input type=\"hidden\" name=\"_wpcf7_recaptcha_response\" value=\"\" \/>\n<\/div>\n<div class=\"eltdf-contact-form-main\">\n<p><label class=\"btnews-lb\"><span class=\"wpcf7-form-control-wrap your-name\"><input type=\"text\" name=\"your-name\" value=\"\" size=\"40\" class=\"wpcf7-form-control wpcf7-text wpcf7-validates-as-required\" aria-required=\"true\" aria-invalid=\"false\" placeholder=\"Nom\" \/><\/span> <\/label><br \/>\n<label class=\"btnews-lb\"><span class=\"wpcf7-form-control-wrap your-email\"><input type=\"email\" name=\"your-email\" value=\"\" size=\"40\" class=\"wpcf7-form-control wpcf7-text wpcf7-email wpcf7-validates-as-required wpcf7-validates-as-email\" aria-required=\"true\" aria-invalid=\"false\" placeholder=\"E-Mail\" \/><\/span> <\/label><\/p>\n<p><button type=\"submit\" class=\"wpcf7-form-control wpcf7-submit eltdf-btn eltdf-btn-medium eltdf-btn-outline-slit btnews eltdf-btn eltdf-btn-medium eltdf-btn-outline\"><span class=\"eltdf-btn-text\">Subscriu-te<\/span><\/button>\n<\/p><\/div>\n<div class=\"wpcf7-response-output\" aria-hidden=\"true\"><\/div><\/form><\/div>\t\t<\/div>\n\t<\/div>\n<\/div><\/div>[\/vc_column][\/vc_row]<\/p>\n","protected":false},"excerpt":{"rendered":"<p>[vc_row][vc_column][\/vc_column][\/vc_row][vc_row row_content_width=&#8221;grid&#8221; css=&#8221;.vc_custom_1591612090396{padding-top: 145px !important;padding-bottom: 8px !important;}&#8221; el_class=&#8221;mes-picantpedra&#8221;][vc_column offset=&#8221;vc_col-lg-offset-1 vc_col-lg-10 vc_col-md-offset-0 vc_col-md-12 vc_col-sm-offset-0 vc_col-xs-12&#8243;][vc_empty_space height=&#8221;5px&#8221;][vc_column_text] Diuen que la hist\u00f2ria s\u2019ha de llegir a les pedres. Nosaltres hi escrivim la nostra, ja que la passi\u00f3 per la pedra ens acompanya fins [&hellip;]<\/p>\n","protected":false},"author":1,"featured_media":0,"parent":0,"menu_order":0,"comment_status":"closed","ping_status":"closed","template":"full-width.php","meta":{"inline_featured_image":false},"_links":{"self":[{"href":"http:\/\/www.granitsbarbany.com\/ca\/wp-json\/wp\/v2\/pages\/1211"}],"collection":[{"href":"http:\/\/www.granitsbarbany.com\/ca\/wp-json\/wp\/v2\/pages"}],"about":[{"href":"http:\/\/www.granitsbarbany.com\/ca\/wp-json\/wp\/v2\/types\/page"}],"author":[{"embeddable":true,"href":"http:\/\/www.granitsbarbany.com\/ca\/wp-json\/wp\/v2\/users\/1"}],"replies":[{"embeddable":true,"href":"http:\/\/www.granitsbarbany.com\/ca\/wp-json\/wp\/v2\/comments?post=1211"}],"version-history":[{"count":56,"href":"http:\/\/www.granitsbarbany.com\/ca\/wp-json\/wp\/v2\/pages\/1211\/revisions"}],"predecessor-version":[{"id":11784,"href":"http:\/\/www.granitsbarbany.com\/ca\/wp-json\/wp\/v2\/pages\/1211\/revisions\/11784"}],"wp:attachment":[{"href":"http:\/\/www.granitsbarbany.com\/ca\/wp-json\/wp\/v2\/media?parent=1211"}],"curies":[{"name":"wp","href":"https:\/\/api.w.org\/{rel}","templated":true}]}}