{"id":9230,"date":"2019-09-26T12:47:30","date_gmt":"2019-09-26T12:47:30","guid":{"rendered":"http:\/\/www.granitsbarbany.com\/historia\/"},"modified":"2021-05-21T06:40:50","modified_gmt":"2021-05-21T06:40:50","slug":"historia","status":"publish","type":"page","link":"http:\/\/www.granitsbarbany.com\/es\/historia\/","title":{"rendered":"Nuestra historia"},"content":{"rendered":"<p>[vc_row][vc_column]\n\t\t\t<!-- START historia REVOLUTION SLIDER 6.2.23 --><p class=\"rs-p-wp-fix\"><\/p>\n\t\t\t<rs-module-wrap id=\"rev_slider_17_1_wrapper\" data-source=\"gallery\" style=\"background:#000000;padding:0;margin:0px auto;margin-top:0;margin-bottom:0;\">\n\t\t\t\t<rs-module id=\"rev_slider_17_1\" style=\"\" data-version=\"6.2.23\">\n\t\t\t\t\t<rs-slides>\n\t\t\t\t\t\t<rs-slide data-key=\"rs-59\" data-title=\"New Slide - ES\" data-anim=\"ei:d;eo:d;s:1000;r:0;t:fade;sl:0;\">\n\t\t\t\t\t\t\t<img src=\"\/\/www.granitsbarbany.com\/wp-content\/plugins\/revslider\/public\/assets\/assets\/transparent.png\" title=\"Nuestra historia\" class=\"rev-slidebg\" data-no-retina>\n\t\t\t\t\t\t\t<rs-bgvideo \n\t\t\t\t\t\t\t\tdata-video=\"w:100%;h:100%;nse:false;l:true;ptimer:false;\"\n\t\t\t\t\t\t\t\tdata-mp4=\"\/\/www.granitsbarbany.com\/wp-content\/uploads\/2019\/09\/Slider3.mp4\"\n\t\t\t\t\t\t\t><\/rs-bgvideo>\n<!--\n\t\t\t\t\t\t\t--><h1\n\t\t\t\t\t\t\t\tid=\"slider-17-slide-59-layer-0\" \n\t\t\t\t\t\t\t\tclass=\"rs-layer\"\n\t\t\t\t\t\t\t\tdata-type=\"text\"\n\t\t\t\t\t\t\t\tdata-xy=\"x:c;xo:0,4px,0,0;y:m;yo:-5px,0,-34px,0;\"\n\t\t\t\t\t\t\t\tdata-text=\"w:normal,normal,normal,normal;s:51,55,55,40;l:87,60,75,65;ls:13.2px,10px,11px,11px;a:center;\"\n\t\t\t\t\t\t\t\tdata-dim=\"w:auto,709px,436px,436px;\"\n\t\t\t\t\t\t\t\tdata-rsp_o=\"off\"\n\t\t\t\t\t\t\t\tdata-rsp_bd=\"off\"\n\t\t\t\t\t\t\t\tdata-frame_0=\"y:100%;\"\n\t\t\t\t\t\t\t\tdata-frame_1=\"e:power4.out;st:500;sp:1000;sR:500;\"\n\t\t\t\t\t\t\t\tdata-frame_999=\"o:0;st:w;sR:7500;\"\n\t\t\t\t\t\t\t\tstyle=\"z-index:8;font-family:EB Garamond;text-transform:uppercase;\"\n\t\t\t\t\t\t\t>NUESTRA HISTORIA \n\t\t\t\t\t\t\t<\/h1><!--\n\n\t\t\t\t\t\t\t--><rs-layer\n\t\t\t\t\t\t\t\tid=\"slider-17-slide-59-layer-3\" \n\t\t\t\t\t\t\t\tdata-type=\"image\"\n\t\t\t\t\t\t\t\tdata-xy=\"x:c;xo:-517px,-417px,-287px,-287px;y:m;yo:-4px,0,-34px,-55px;\"\n\t\t\t\t\t\t\t\tdata-text=\"w:normal;\"\n\t\t\t\t\t\t\t\tdata-dim=\"w:147px,147px,100px,100px;h:['1px','1px','1px','1px'];\"\n\t\t\t\t\t\t\t\tdata-rsp_o=\"off\"\n\t\t\t\t\t\t\t\tdata-rsp_bd=\"off\"\n\t\t\t\t\t\t\t\tdata-frame_0=\"x:100%;\"\n\t\t\t\t\t\t\t\tdata-frame_0_mask=\"u:t;\"\n\t\t\t\t\t\t\t\tdata-frame_1=\"st:500;sp:1000;\"\n\t\t\t\t\t\t\t\tdata-frame_1_mask=\"u:t;\"\n\t\t\t\t\t\t\t\tdata-frame_999=\"o:0;st:w;sR:7500;\"\n\t\t\t\t\t\t\t\tstyle=\"z-index:10;\"\n\t\t\t\t\t\t\t><img src=\"\/\/www.granitsbarbany.com\/wp-content\/uploads\/revslider\/main-home\/h1-rev-img-1.png\" width=\"147\" height=\"1\" data-no-retina> \n\t\t\t\t\t\t\t<\/rs-layer><!--\n\n\t\t\t\t\t\t\t--><rs-layer\n\t\t\t\t\t\t\t\tid=\"slider-17-slide-59-layer-4\" \n\t\t\t\t\t\t\t\tdata-type=\"image\"\n\t\t\t\t\t\t\t\tdata-xy=\"x:c;xo:501px,417px,287px,287px;y:m;yo:-4px,0,-34px,-55px;\"\n\t\t\t\t\t\t\t\tdata-text=\"w:normal;\"\n\t\t\t\t\t\t\t\tdata-dim=\"w:147px,147px,100px,100px;h:['1px','1px','1px','1px'];\"\n\t\t\t\t\t\t\t\tdata-rsp_o=\"off\"\n\t\t\t\t\t\t\t\tdata-rsp_bd=\"off\"\n\t\t\t\t\t\t\t\tdata-frame_0=\"x:-100%;\"\n\t\t\t\t\t\t\t\tdata-frame_0_mask=\"u:t;\"\n\t\t\t\t\t\t\t\tdata-frame_1=\"st:500;sp:1000;\"\n\t\t\t\t\t\t\t\tdata-frame_1_mask=\"u:t;\"\n\t\t\t\t\t\t\t\tdata-frame_999=\"o:0;st:w;sR:7500;\"\n\t\t\t\t\t\t\t\tstyle=\"z-index:9;\"\n\t\t\t\t\t\t\t><img src=\"\/\/www.granitsbarbany.com\/wp-content\/uploads\/revslider\/main-home\/h1-rev-img-1.png\" width=\"147\" height=\"1\" data-no-retina> \n\t\t\t\t\t\t\t<\/rs-layer><!--\n-->\t\t\t\t\t\t<\/rs-slide>\n\t\t\t\t\t<\/rs-slides>\n\t\t\t\t<\/rs-module>\n\t\t\t\t<script type=\"text\/javascript\">\n\t\t\t\t\tsetREVStartSize({c: 'rev_slider_17_1',rl:[1240,1024,778,480],el:[550,600,600,500],gw:[1300,1100,600,550],gh:[550,550,600,500],type:'standard',justify:'',layout:'fullwidth',mh:\"0\"});\n\t\t\t\t\tvar\trevapi17,\n\t\t\t\t\t\ttpj;\n\t\t\t\t\tfunction revinit_revslider171() {\n\t\t\t\t\tjQuery(function() {\n\t\t\t\t\t\ttpj = jQuery;\n\t\t\t\t\t\trevapi17 = tpj(\"#rev_slider_17_1\");\n\t\t\t\t\t\tif(revapi17==undefined || revapi17.revolution == undefined){\n\t\t\t\t\t\t\trevslider_showDoubleJqueryError(\"rev_slider_17_1\");\n\t\t\t\t\t\t}else{\n\t\t\t\t\t\t\trevapi17.revolution({\n\t\t\t\t\t\t\t\tsliderLayout:\"fullwidth\",\n\t\t\t\t\t\t\t\tduration:\"6000ms\",\n\t\t\t\t\t\t\t\tvisibilityLevels:\"1240,1024,778,480\",\n\t\t\t\t\t\t\t\tgridwidth:\"1300,1100,600,550\",\n\t\t\t\t\t\t\t\tgridheight:\"550,550,600,500\",\n\t\t\t\t\t\t\t\tperspective:600,\n\t\t\t\t\t\t\t\tperspectiveType:\"local\",\n\t\t\t\t\t\t\t\teditorheight:\"550,600,600,500\",\n\t\t\t\t\t\t\t\tresponsiveLevels:\"1240,1024,778,480\",\n\t\t\t\t\t\t\t\tprogressBar:{disableProgressBar:true},\n\t\t\t\t\t\t\t\tnavigation: {\n\t\t\t\t\t\t\t\t\tonHoverStop:false\n\t\t\t\t\t\t\t\t},\n\t\t\t\t\t\t\t\tfallbacks: {\n\t\t\t\t\t\t\t\t\tpanZoomDisableOnMobile:true,\n\t\t\t\t\t\t\t\t\tallowHTML5AutoPlayOnAndroid:true\n\t\t\t\t\t\t\t\t},\n\t\t\t\t\t\t\t});\n\t\t\t\t\t\t}\n\t\t\t\t\t\t\n\t\t\t\t\t});\n\t\t\t\t\t} \/\/ End of RevInitScript\n\t\t\t\tvar once_revslider171 = false;\n\t\t\t\tif (document.readyState === \"loading\") {document.addEventListener('readystatechange',function() { if((document.readyState === \"interactive\" || document.readyState === \"complete\") && !once_revslider171 ) { once_revslider171 = true; revinit_revslider171();}});} else {once_revslider171 = true; revinit_revslider171();}\n\t\t\t\t<\/script>\n\t\t\t<\/rs-module-wrap>\n\t\t\t<!-- END REVOLUTION SLIDER -->\n[\/vc_column][\/vc_row][vc_row row_content_width=\u00bbgrid\u00bb css=\u00bb.vc_custom_1591612090396{padding-top: 145px !important;padding-bottom: 8px !important;}\u00bb el_class=\u00bbmes-picantpedra\u00bb][vc_column offset=\u00bbvc_col-lg-offset-1 vc_col-lg-10 vc_col-md-offset-0 vc_col-md-12 vc_col-sm-offset-0 vc_col-xs-12&#8243;]<div class=\"eltdf-section-title-holder   eltdf-st-decorative-line\" style=\"text-align: center\">\n\t<div class=\"eltdf-st-inner\">\n        \t\t\t\t\t<h2 class=\"eltdf-st-title\" >\n    <span class=\"eltdf-st-title-inner\"><span class=\"eltdf-st-side-line-left\" ><\/span>M\u00e1s de 130 a\u00f1os picando piedra<span class=\"eltdf-st-side-line-right\" ><\/span><\/span>\n\t\t\t<\/h2>\n\t\t\t\t\t\t\t<\/div>\n<\/div>[vc_empty_space height=\u00bb5px\u00bb][vc_column_text]<\/p>\n<p style=\"text-align: center;\">Dicen que la historia se ha de leer en las piedras. Nosotros escribimos la nuestra, ya que la pasi\u00f3n por la piedra nos acompa\u00f1a incluso en las comidas. Porque lo llevamos en la sangre, lo llevamos en las manos.<\/p>\n<p>[\/vc_column_text][\/vc_column][\/vc_row][vc_row content_placement=\u00bbmiddle\u00bb row_content_width=\u00bbgrid\u00bb el_class=\u00bbeltdf-workflow-custom-alignment\u00bb][vc_column]<div class=\"eltdf-elements-holder   eltdf-one-column  eltdf-responsive-mode-768 eltdf-one-column-alignment-center\" ><div class=\"eltdf-eh-item    \"  data-item-class=\"eltdf-eh-custom-5105\" data-1400-1600=\"0 0 160px 0\" data-1025-1399=\"0 0 160px 0\" data-769-1024=\"0 0 60px 0\" data-681-768=\"0 0 60px 0\" data-680=\"0 0 60px 0\">\n\t<div class=\"eltdf-eh-item-inner\">\n\t\t<div class=\"eltdf-eh-item-content eltdf-eh-custom-5105\" style=\"padding: 0 0 160px 0\">\n\t\t\t<div class=\"eltdf-workflow eltdf-workflow-animate\">\n    <span class=\"alt-line\"><\/span>\n    <span class=\"main-line\" style=\"background-color:#4e4e4e;\"><\/span>\n    <div class=\"eltdf-workflow-item\">\n    <span class=\"line\" style=\"\"><\/span>\n    <div class=\"eltdf-workflow-item-inner\">\n        <div class=\"eltdf-workflow-image\">\n            <img width=\"780\" height=\"1024\" src=\"http:\/\/www.granitsbarbany.com\/wp-content\/uploads\/2020\/06\/besavi.jpg\" class=\"attachment-full size-full\" alt=\"\" loading=\"lazy\" srcset=\"http:\/\/www.granitsbarbany.com\/wp-content\/uploads\/2020\/06\/besavi.jpg 780w, http:\/\/www.granitsbarbany.com\/wp-content\/uploads\/2020\/06\/besavi-229x300.jpg 229w, http:\/\/www.granitsbarbany.com\/wp-content\/uploads\/2020\/06\/besavi-768x1008.jpg 768w\" sizes=\"(max-width: 780px) 100vw, 780px\" \/>        <\/div>\n        <div class=\"eltdf-workflow-text\">\n            <span class=\"circle\" style=\"border-color:#4e4e4e;background-color:#4e4e4e;\"><\/span>\n            <span class=\"circle-line\" style=\"background-color:#4e4e4e;\"><\/span>\n                            <div class=\"year\">1884 - 1962<\/div>\n                        <div class=\"eltdf-workflow-title-text-holder\">\n                                    <div class=\"year-responsive\">1884 - 1962<\/div>\n                                                    <span class=\"eltdf-workflow-caption\">La chispa<\/span>\n                                                    <h2>Joan Barbany i Verdaguer<\/h2>\n                                                    <span class=\"text\">Todo fuego necesita su chispa. En nuestro caso, Joan Barbany fue eso y mucho m\u00e1s.<br \/>\nCon tan s\u00f3lo 10 a\u00f1os ya estaba dando sus primeros pasos como picapedrero en Marsella. La profesi\u00f3n le llev\u00f3 a ver mundo y empaparse de conocimiento en pa\u00edses como Argelia, Marruecos y Francia.<br \/>\nUna vez de vuelta a su tierra natal se realiz\u00f3 profesionalmente en las canteras de Montju\u00efc de Barcelona y en la cantera de San Esteban de Alcoll, donde se estableci\u00f3 definitivamente.<br \/>\nEntre sus numerosas obras podemos encontrar el Monumento a los Ca\u00eddos en Barcelona, la Columna de la Farola de La Rambla de Barcelona o el Altar de Breda. Tambi\u00e9n fue el primer Barbany en entregar material para nuestra querida Sagrada Familia de Barcelona.<\/span>\n                            <\/div>\n        <\/div>\n    <\/div>\n<\/div><div class=\"eltdf-workflow-item\">\n    <span class=\"line\" style=\"\"><\/span>\n    <div class=\"eltdf-workflow-item-inner\">\n        <div class=\"eltdf-workflow-image\">\n            <img width=\"780\" height=\"1024\" src=\"http:\/\/www.granitsbarbany.com\/wp-content\/uploads\/2020\/06\/tiet-pere.jpg\" class=\"attachment-full size-full\" alt=\"\" loading=\"lazy\" srcset=\"http:\/\/www.granitsbarbany.com\/wp-content\/uploads\/2020\/06\/tiet-pere.jpg 780w, http:\/\/www.granitsbarbany.com\/wp-content\/uploads\/2020\/06\/tiet-pere-229x300.jpg 229w, http:\/\/www.granitsbarbany.com\/wp-content\/uploads\/2020\/06\/tiet-pere-768x1008.jpg 768w\" sizes=\"(max-width: 780px) 100vw, 780px\" \/>        <\/div>\n        <div class=\"eltdf-workflow-text\">\n            <span class=\"circle\" style=\"border-color:#4e4e4e;background-color:#4e4e4e;\"><\/span>\n            <span class=\"circle-line\" style=\"background-color:#4e4e4e;\"><\/span>\n                            <div class=\"year\">1911 - 1998<\/div>\n                        <div class=\"eltdf-workflow-title-text-holder\">\n                                    <div class=\"year-responsive\">1911 - 1998<\/div>\n                                                    <span class=\"eltdf-workflow-caption\">De la piedra, un arte<\/span>\n                                                    <h2>Pere Barbany i Sabat\u00e9s (Peret)<\/h2>\n                                                    <span class=\"text\">Pere Barbany vivi\u00f3 los primeros a\u00f1os a caballo de Catalu\u00f1a y Argelia, donde aprendi\u00f3 el franc\u00e9s. No va ser all\u00e0 sin\u00f3 a la pedrera de Sant Esteve d\u2019Alcoll on de ben petit va comen\u00e7ar a embrutar-s\u2019hi les mans.<br \/>\nDe joven, sufri\u00f3 una herida de guerra en su mano izquierda. Aquella mano lisiada y su car\u00e1cter rebelde le acercaron al entorno art\u00edstico y bohemio de la \u00e9poca. Su habilidad y destreza en el oficio entusiasmaba a quien le rodeaba. Tanto fue as\u00ed que form\u00f3 relaciones personales y profesionales muy estrechas con reconocidos artistas como Manuel Cusachs, Josep Pla o Manolo Hugu\u00e9.<br \/>\nPeret vivi\u00f3 siempre al lado de su hermano, aportando un toque de alegre locura a la profesi\u00f3n.<\/span>\n                            <\/div>\n        <\/div>\n    <\/div>\n<\/div><div class=\"eltdf-workflow-item\">\n    <span class=\"line\" style=\"\"><\/span>\n    <div class=\"eltdf-workflow-item-inner\">\n        <div class=\"eltdf-workflow-image\">\n            <img width=\"780\" height=\"1024\" src=\"http:\/\/www.granitsbarbany.com\/wp-content\/uploads\/2020\/06\/avi-pitu.jpg\" class=\"attachment-full size-full\" alt=\"\" loading=\"lazy\" srcset=\"http:\/\/www.granitsbarbany.com\/wp-content\/uploads\/2020\/06\/avi-pitu.jpg 780w, http:\/\/www.granitsbarbany.com\/wp-content\/uploads\/2020\/06\/avi-pitu-229x300.jpg 229w, http:\/\/www.granitsbarbany.com\/wp-content\/uploads\/2020\/06\/avi-pitu-768x1008.jpg 768w\" sizes=\"(max-width: 780px) 100vw, 780px\" \/>        <\/div>\n        <div class=\"eltdf-workflow-text\">\n            <span class=\"circle\" style=\"border-color:#4e4e4e;background-color:#4e4e4e;\"><\/span>\n            <span class=\"circle-line\" style=\"background-color:#4e4e4e;\"><\/span>\n                            <div class=\"year\">1925 - 2012<\/div>\n                        <div class=\"eltdf-workflow-title-text-holder\">\n                                    <div class=\"year-responsive\">1925 - 2012<\/div>\n                                                    <span class=\"eltdf-workflow-caption\">El primer maestro artesano<\/span>\n                                                    <h2>JOSEP BARBANY I SABAT\u00c9S (PITU)<\/h2>\n                                                    <span class=\"text\">En pleno estallido de la Guerra Civil, Josep Barbany, con 10 a\u00f1os, tuvo su primera experiencia como picapedrero protegi\u00e9ndose de la guerra en la cantera familiar de Alcoll.<br \/>\nGracias a la maestr\u00eda de su padre y hermano, y con su esp\u00edritu constante de superaci\u00f3n consigui\u00f3 un dominio de la profesi\u00f3n al alcance de pocos. En 1950, junto con Francisca Triad\u00f3 i Roig, abrieron la cantera de \u00d2rrius.<br \/>\nPitu fue un cantero artesano muy prol\u00edfico. En su legado perduran numerosas obras de escultura y construcci\u00f3n as\u00ed como de obra religiosa, entre las que se destacan trabajos de restauraci\u00f3n del Hospital de Sant Pau, Can Serra y de La Carassa de Barcelona, las Iglesias de Mosqueroles, de Sant Josep y Sant Jaume de Matar\u00f3, Monumento a Josep Pla de Palafrugell o la Columna en el Patio de los Curas en Elche.<br \/>\nEste trayecto fue reconocido oficialmente en el a\u00f1o 2000 con el diploma de Maestro Artesano.<\/span>\n                            <\/div>\n        <\/div>\n    <\/div>\n<\/div><div class=\"eltdf-workflow-item\">\n    <span class=\"line\" style=\"\"><\/span>\n    <div class=\"eltdf-workflow-item-inner\">\n        <div class=\"eltdf-workflow-image\">\n            <img width=\"781\" height=\"1024\" src=\"http:\/\/www.granitsbarbany.com\/wp-content\/uploads\/2020\/06\/JORDI_C\u00d2RSEGA.jpg\" class=\"attachment-full size-full\" alt=\"\" loading=\"lazy\" srcset=\"http:\/\/www.granitsbarbany.com\/wp-content\/uploads\/2020\/06\/JORDI_C\u00d2RSEGA.jpg 781w, http:\/\/www.granitsbarbany.com\/wp-content\/uploads\/2020\/06\/JORDI_C\u00d2RSEGA-229x300.jpg 229w, http:\/\/www.granitsbarbany.com\/wp-content\/uploads\/2020\/06\/JORDI_C\u00d2RSEGA-768x1007.jpg 768w\" sizes=\"(max-width: 781px) 100vw, 781px\" \/>        <\/div>\n        <div class=\"eltdf-workflow-text\">\n            <span class=\"circle\" style=\"border-color:#4e4e4e;background-color:#4e4e4e;\"><\/span>\n            <span class=\"circle-line\" style=\"background-color:#4e4e4e;\"><\/span>\n                            <div class=\"year\">1965 -<\/div>\n                        <div class=\"eltdf-workflow-title-text-holder\">\n                                    <div class=\"year-responsive\">1965 -<\/div>\n                                                    <span class=\"eltdf-workflow-caption\">El arte de la piedra adaptado al siglo XXI<\/span>\n                                                    <h2>Jordi Barbany i Triad\u00f3<\/h2>\n                                                    <span class=\"text\">En el oficio desde los 16 a\u00f1os, Jordi Barbany ha sido capaz de adaptar la metodolog\u00eda de trabajo de artesano cantero en el siglo XXI y de marcar un sello propio en la producci\u00f3n de la empresa.<br \/>\nA partir de 1993 su esposa, Ana Maria Fern\u00e1ndez, se incorpor\u00f3 al negocio familiar. Fue en ese mismo a\u00f1o que realizaron la primera escultura para la Sagrada Familia, un encargo que marc\u00f3 su futuro.<br \/>\nEn el a\u00f1o 2000, Jordi y Anna fundan Granits Barbany S.L. En 2008, con la desaz\u00f3n constante de avanzar en el oficio, se instalan en el nuevo taller. Es aqu\u00ed donde explotar\u00e1n la metodolog\u00eda de trabajo y con maquinaria de \u00faltima generaci\u00f3n.<br \/>\nJordi ha participado en la realizaci\u00f3n de obras de renombre mundial como la Sagrada Familia, Santa Mar\u00eda del Mar o Santa Mar\u00eda de Matar\u00f3. No s\u00f3lo eso, tambi\u00e9n ha dejado huella en numerosos monumentos y esculturas, como el Esculapio de Emp\u00faries. En su vertiente m\u00e1s art\u00edstica ha colaborado con grandes artistas como Jaume Plensa, Adel Abdessemed, Jordi Benito, Llu\u00eds Vent\u00f3s, Manuel Cusachs o Lau Feliu, entre otros.<br \/>\nComo reconocimiento por su trayectoria en el a\u00f1o 2015 recibi\u00f3 el diploma de Maestro Artesano.<\/span>\n                            <\/div>\n        <\/div>\n    <\/div>\n<\/div><div class=\"eltdf-workflow-item\">\n    <span class=\"line\" style=\"\"><\/span>\n    <div class=\"eltdf-workflow-item-inner\">\n        <div class=\"eltdf-workflow-image\">\n            <img width=\"780\" height=\"1024\" src=\"http:\/\/www.granitsbarbany.com\/wp-content\/uploads\/2020\/06\/arnau-julia.jpg\" class=\"attachment-full size-full\" alt=\"\" loading=\"lazy\" srcset=\"http:\/\/www.granitsbarbany.com\/wp-content\/uploads\/2020\/06\/arnau-julia.jpg 780w, http:\/\/www.granitsbarbany.com\/wp-content\/uploads\/2020\/06\/arnau-julia-229x300.jpg 229w, http:\/\/www.granitsbarbany.com\/wp-content\/uploads\/2020\/06\/arnau-julia-768x1008.jpg 768w\" sizes=\"(max-width: 780px) 100vw, 780px\" \/>        <\/div>\n        <div class=\"eltdf-workflow-text\">\n            <span class=\"circle\" style=\"border-color:#4e4e4e;background-color:#4e4e4e;\"><\/span>\n            <span class=\"circle-line\" style=\"background-color:#4e4e4e;\"><\/span>\n                            <div class=\"year\">1993 \/ 1996 -<\/div>\n                        <div class=\"eltdf-workflow-title-text-holder\">\n                                    <div class=\"year-responsive\">1993 \/ 1996 -<\/div>\n                                                    <span class=\"eltdf-workflow-caption\">El presente y futuro<\/span>\n                                                    <h2>Arnau i J\u00falia Barbany Fern\u00e1ndez<\/h2>\n                                                    <span class=\"text\">Arnau y Julia, hijos de Ana y Jordi, 4\u00aa generaci\u00f3n de la saga, desde peque\u00f1os han vivido de primera mano el oficio del artesano cantero.<br \/>\nArnau se inici\u00f3 en la cantera de \u00d2rrius acompa\u00f1ado de su padre Jordi y el abuelo Pitu. Y despu\u00e9s de cursar sus estudios universitarios, es el encargado de gestionar la producci\u00f3n del taller, donde tiene la oportunidad de evolucionar profesionalmente rodeado de maquinaria puntera.<br \/>\nHa sido el \u00faltimo miembro de la estirpe en trabajar por Manuel Cusachs, en la escultura de San Antonio Abad. Tambi\u00e9n ha realizado producciones para artistas reconocidos como Jaume Plensa, Adel Abdessemed, Llu\u00eds Vent\u00f3s, y j\u00f3venes dise\u00f1adores como Max Enrich o Sanna V\u00f6lker.<br \/>\nJ\u00falia, como todos los de la saga, conoce de primera mano la cantera y todo aquello que la rodea.<br \/>\nHa realizado un doble grado de Protocolo y Relaciones Internacionales. Tambi\u00e9n un Master en Gesti\u00f3n Deportiva en el Instituto Johan Cruyff.<br \/>\nEn Barbany es la responsable de la imagen de la empresa y de las relaciones internacionales. Tambi\u00e9n es quien se cuida de promover y organizar los actos y visitas comerciales a la empresa.<br \/>\nAmbos saben que el esfuerzo es la primera condici\u00f3n y la herramienta que participa hasta el final del proceso en la creaci\u00f3n de piezas \u00fanicas.<\/span>\n                            <\/div>\n        <\/div>\n    <\/div>\n<\/div>    <div class=\"eltdf-workflow-item eltdf-wi-hidden\">\n        <div class=\"eltdf-workflow-item-inner\">\n            <div class=\"eltdf-workflow-text\">\n                <span class=\"circle\"><\/span>\n            <\/div>\n        <\/div>\n    <\/div>\n<\/div>\t\t<\/div>\n\t<\/div>\n<\/div><\/div>[\/vc_column][\/vc_row][vc_row row_content_width=\u00bbgrid\u00bb disable_background_image=\u00bb\u00bb css=\u00bb.vc_custom_1590484665524{padding-top: 40px !important;padding-bottom: 40px !important;}\u00bb simple_background_image=\u00bb2547&#8243;][vc_column]<div class=\"eltdf-elements-holder   eltdf-two-columns  eltdf-responsive-mode-1024 eltdf-one-column-alignment-left\" ><div class=\"eltdf-eh-item    \"  data-item-class=\"eltdf-eh-custom-4764\" data-1400-1600=\"127px 60px 134px 150px\" data-1025-1399=\"127px 60px 134px 100px\" data-769-1024=\"127px 100px 62px 100px\" data-681-768=\"100px 20px 50px 20px\" data-680=\"80px 10px 60px 10px\">\n\t<div class=\"eltdf-eh-item-inner\">\n\t\t<div class=\"eltdf-eh-item-content eltdf-eh-custom-4764\" style=\"padding: 120px 110px 120px 110px\">\n\t\t\t<div class=\"eltdf-section-title-holder   \" style=\"text-align: left\">\n\t<div class=\"eltdf-st-inner\">\n                    <span class=\"eltdf-st-caption\" style=\"color: #ffffff;margin: 0 0 6px 0\">\n                <span class=\"eltdf-st-caption-inner\" >Seguim en contacte<\/span>\n            <\/span>\n        \t\t\t\t\t<h2 class=\"eltdf-st-title\" style=\"color: #ffffff\">\n    <span class=\"eltdf-st-title-inner\"><span class=\"eltdf-st-side-line-left\" ><\/span>Newsletter<span class=\"eltdf-st-side-line-right\" ><\/span><\/span>\n\t\t\t<\/h2>\n\t\t\t\t\t\t\t<\/div>\n<\/div>[vc_empty_space height=\u00bb4px\u00bb][vc_column_text]<\/p>\n<p style=\"color: #fff;\">Si quieres recibir novedades relativas a nuestro equipo y trabajo, d\u00e9janos tus datos para seguir en contacto por e-mail.<\/p>\n<p>[\/vc_column_text][vc_empty_space height=\u00bb24px\u00bb]\t\t<\/div>\n\t<\/div>\n<\/div><div class=\"eltdf-eh-item    \"  data-item-class=\"eltdf-eh-custom-3603\" data-1400-1600=\"32px 150px 40px 50px\" data-1025-1399=\"0 100px 40px 50px\" data-769-1024=\"0 100px 160px 100px\" data-681-768=\"0 20px 100px 20px\" data-680=\"0 10px 100px 10px\">\n\t<div class=\"eltdf-eh-item-inner\">\n\t\t<div class=\"eltdf-eh-item-content eltdf-eh-custom-3603\" style=\"padding: 80px 120px 40px 80px\">\n\t\t\t<div role=\"form\" class=\"wpcf7\" id=\"wpcf7-f10213-o1\" lang=\"es-ES\" dir=\"ltr\">\n<div class=\"screen-reader-response\"><p role=\"status\" aria-live=\"polite\" aria-atomic=\"true\"><\/p> <ul><\/ul><\/div>\n<form action=\"\/es\/wp-json\/wp\/v2\/pages\/9230#wpcf7-f10213-o1\" method=\"post\" class=\"wpcf7-form init\" novalidate=\"novalidate\" data-status=\"init\">\n<div style=\"display: none;\">\n<input type=\"hidden\" name=\"_wpcf7\" value=\"10213\" \/>\n<input type=\"hidden\" name=\"_wpcf7_version\" value=\"5.4.2\" \/>\n<input type=\"hidden\" name=\"_wpcf7_locale\" value=\"es_ES\" \/>\n<input type=\"hidden\" name=\"_wpcf7_unit_tag\" value=\"wpcf7-f10213-o1\" \/>\n<input type=\"hidden\" name=\"_wpcf7_container_post\" value=\"0\" \/>\n<input type=\"hidden\" name=\"_wpcf7_posted_data_hash\" value=\"\" \/>\n<input type=\"hidden\" name=\"_wpcf7_recaptcha_response\" value=\"\" \/>\n<\/div>\n<div class=\"eltdf-contact-form-main\">\n<p><label class=\"btnews-lb\"><span class=\"wpcf7-form-control-wrap your-name\"><input type=\"text\" name=\"your-name\" value=\"\" size=\"40\" class=\"wpcf7-form-control wpcf7-text wpcf7-validates-as-required\" aria-required=\"true\" aria-invalid=\"false\" placeholder=\"Nombre\" \/><\/span> <\/label><br \/>\n<label class=\"btnews-lb\"><span class=\"wpcf7-form-control-wrap your-email\"><input type=\"email\" name=\"your-email\" value=\"\" size=\"40\" class=\"wpcf7-form-control wpcf7-text wpcf7-email wpcf7-validates-as-required wpcf7-validates-as-email\" aria-required=\"true\" aria-invalid=\"false\" placeholder=\"Correo electr\u00f3nico\" \/><\/span> <\/label><\/p>\n<p><button type=\"submit\" class=\"wpcf7-form-control wpcf7-submit eltdf-btn eltdf-btn-medium eltdf-btn-outline-slit btnews eltdf-btn eltdf-btn-medium eltdf-btn-outline\"><span class=\"eltdf-btn-text\">Suscr\u00edbete<\/span><\/button>\n<\/p><\/div>\n<div class=\"wpcf7-response-output\" aria-hidden=\"true\"><\/div><\/form><\/div>\t\t<\/div>\n\t<\/div>\n<\/div><\/div>[\/vc_column][\/vc_row]<\/p>\n","protected":false},"excerpt":{"rendered":"<p>[vc_row][vc_column][\/vc_column][\/vc_row][vc_row row_content_width=\u00bbgrid\u00bb css=\u00bb.vc_custom_1591612090396{padding-top: 145px !important;padding-bottom: 8px !important;}\u00bb el_class=\u00bbmes-picantpedra\u00bb][vc_column offset=\u00bbvc_col-lg-offset-1 vc_col-lg-10 vc_col-md-offset-0 vc_col-md-12 vc_col-sm-offset-0 vc_col-xs-12&#8243;][vc_empty_space height=\u00bb5px\u00bb][vc_column_text] Dicen que la historia se ha de leer en las piedras. Nosotros escribimos la nuestra, ya que la pasi\u00f3n por la piedra nos acompa\u00f1a incluso [&hellip;]<\/p>\n","protected":false},"author":1,"featured_media":0,"parent":0,"menu_order":0,"comment_status":"closed","ping_status":"closed","template":"full-width.php","meta":{"inline_featured_image":false},"_links":{"self":[{"href":"http:\/\/www.granitsbarbany.com\/es\/wp-json\/wp\/v2\/pages\/9230"}],"collection":[{"href":"http:\/\/www.granitsbarbany.com\/es\/wp-json\/wp\/v2\/pages"}],"about":[{"href":"http:\/\/www.granitsbarbany.com\/es\/wp-json\/wp\/v2\/types\/page"}],"author":[{"embeddable":true,"href":"http:\/\/www.granitsbarbany.com\/es\/wp-json\/wp\/v2\/users\/1"}],"replies":[{"embeddable":true,"href":"http:\/\/www.granitsbarbany.com\/es\/wp-json\/wp\/v2\/comments?post=9230"}],"version-history":[{"count":74,"href":"http:\/\/www.granitsbarbany.com\/es\/wp-json\/wp\/v2\/pages\/9230\/revisions"}],"predecessor-version":[{"id":13399,"href":"http:\/\/www.granitsbarbany.com\/es\/wp-json\/wp\/v2\/pages\/9230\/revisions\/13399"}],"wp:attachment":[{"href":"http:\/\/www.granitsbarbany.com\/es\/wp-json\/wp\/v2\/media?parent=9230"}],"curies":[{"name":"wp","href":"https:\/\/api.w.org\/{rel}","templated":true}]}}