{"id":9232,"date":"2020-08-04T18:21:57","date_gmt":"2020-08-04T18:21:57","guid":{"rendered":"http:\/\/www.granitsbarbany.com\/lau-feliu\/"},"modified":"2021-06-10T13:45:12","modified_gmt":"2021-06-10T13:45:12","slug":"lau-feliu","status":"publish","type":"page","link":"https:\/\/www.granitsbarbany.com\/es\/lau-feliu\/","title":{"rendered":"Lau Feliu"},"content":{"rendered":"<p>[vc_row row_content_width=\u00bbgrid\u00bb css=\u00bb.vc_custom_1596104169265{padding-top: 80px !important;}\u00bb][vc_column][vc_column_text]Est\u00e1s en <a class=\"breadcumbs\" href=\"http:\/\/www.granitsbarbany.com\/es\/\">Inicio<\/a> \/ <a class=\"breadcumbs\" href=\"http:\/\/www.granitsbarbany.com\/es\/proyectos\/\">Proyectos<\/a> \/ <a class=\"breadcumbs\" href=\"http:\/\/www.granitsbarbany.com\/es\/artistas\/\">Artistas<\/a> \/ <a class=\"breadcumbs active\" href=\"#\">Lau Feliu<\/a>[\/vc_column_text][vc_empty_space height=\u00bb1px\u00bb][\/vc_column][\/vc_row][vc_row row_content_width=\u00bbgrid\u00bb css=\u00bb.vc_custom_1596104162782{padding-top: 50px !important;padding-bottom: 80px !important;}\u00bb][vc_column]<div class=\"eltdf-show-list-holder eltdf-sl-gallery  eltdf-normal-space eltdf-sl-three-columns eltdf-sl-pag-load-more\"  data-type=gallery data-number-of-columns=3 data-space-between-items=normal data-number-of-items=8 data-category=lau-feliu data-title-tag=h5 data-image-proportions=full data-enable-fixed-proportions=no data-show-category=yes data-show-date-range=no data-orderby=date data-order=ASC data-show-single-layout=info-bellow data-show-slider=no data-slider-navigation=no data-slider-pagination=no data-pagination-type=load-more data-slider-autoplay=no data-max-num-pages=1 data-next-page=2>\n\t<div class=\"eltdf-sl-inner eltdf-outer-space \" data-number-of-items=\"3\" data-enable-navigation=\"no\" data-enable-pagination=\"no\" data-enable-autoplay=\"no\">\n\t\t\n<div class=\"eltdf-show eltdf-item-space  show-item has-post-thumbnail hentry show-category-exhibition info-bellow post-8869 type-show-item status-publish hentry show-category-lau-feliu-es info-bellow\">\n\t<div class=\"eltdf-show-inner\">\n\t\t\t\t\t<div class=\"eltdf-show-image\">\n\t\t\t\t<a itemprop=\"url\" href=\"https:\/\/www.granitsbarbany.com\/es\/obra\/angeles-del-cimacio-de-la-sagrada-familia\/\" target=\"_self\">\n\t\t\t\t\t<img width=\"600\" height=\"940\" src=\"https:\/\/www.granitsbarbany.com\/wp-content\/uploads\/2020\/11\/angels-del-cimaci-bg1.jpg\" class=\"attachment-full size-full\" alt=\"\" loading=\"lazy\" srcset=\"https:\/\/www.granitsbarbany.com\/wp-content\/uploads\/2020\/11\/angels-del-cimaci-bg1.jpg 600w, https:\/\/www.granitsbarbany.com\/wp-content\/uploads\/2020\/11\/angels-del-cimaci-bg1-191x300.jpg 191w\" sizes=\"(max-width: 600px) 100vw, 600px\" \/>\t\t\t\t<\/a>\n\t\t\t<\/div>\n\t\t\t\t<div class=\"eltdf-show-info\">\n            <div class=\"eltdf-show-info-wrapper\">\n                                    <div class=\"eltdf-show-categories-holder\">\n                                                    <a itemprop=\"url\" class=\"eltdf-show-categories\" href=\"https:\/\/www.granitsbarbany.com\/es\/shows-category\/lau-feliu-es\/\">Lau Feliu<\/a>\n                                            <\/div>\n                                                <div class=\"eltdf-show-title-holder\">\n                    <h5 itemprop=\"name\" class=\"eltdf-show-name entry-title\">\n                        <a itemprop=\"url\" href=\"https:\/\/www.granitsbarbany.com\/es\/obra\/angeles-del-cimacio-de-la-sagrada-familia\/\">\u00c1ngeles del cimacio<\/a>\n                    <\/h5>\n                <\/div>\n            <\/div>\n                            <div class=\"eltdf-show-excerpt-holder\">\n                    <span>[vc_row css=\u00bb.vc_custom_1596055518195{padding-top: 40px !important;}\u00bb][vc_column][vc_column_text]Est\u00e1s en Inicio \/ Proyectos \/ Artistas \/ Lau Feliu \/ \u00c1ngeles del cimacio[\/vc_column_text][\/vc_column][vc_column width=\u00bb2\/3&#8243; css=\u00bb.vc_custom_1597084147399{padding-top: 30px !important;}\u00bb][\/vc_column][vc_column width=\u00bb1\/3&#8243;][vc_column_text] Autor Lau Feliu A\u00f1o 2018 Ubicaci\u00f3n Barcelona (Catalu\u00f1a) Material Travertino romano[\/vc_column_text][\/vc_column][\/vc_row]<\/span>\n                <\/div>\n                        <div class=\"eltdf-event-post-read-more-button\">\n                <a itemprop=\"url\" href=\"https:\/\/www.granitsbarbany.com\/es\/obra\/angeles-del-cimacio-de-la-sagrada-familia\/\" target=\"_self\"  class=\"eltdf-btn eltdf-btn-medium eltdf-btn-simple eltdf-blog-list-button\"  >    <span class=\"eltdf-btn-text\">Ver m\u00e1s<\/span>    <\/a>            <\/div>\n\t\t<\/div>\n\t<\/div>\n<\/div>\n<div class=\"eltdf-show eltdf-item-space  show-item has-post-thumbnail hentry show-category-exhibition info-bellow post-8867 type-show-item status-publish hentry show-category-lau-feliu-es info-bellow\">\n\t<div class=\"eltdf-show-inner\">\n\t\t\t\t\t<div class=\"eltdf-show-image\">\n\t\t\t\t<a itemprop=\"url\" href=\"https:\/\/www.granitsbarbany.com\/es\/obra\/cordero-de-abraham\/\" target=\"_self\">\n\t\t\t\t\t<img width=\"600\" height=\"940\" src=\"https:\/\/www.granitsbarbany.com\/wp-content\/uploads\/2020\/11\/anyell-abraham-bg2.jpg\" class=\"attachment-full size-full\" alt=\"\" loading=\"lazy\" srcset=\"https:\/\/www.granitsbarbany.com\/wp-content\/uploads\/2020\/11\/anyell-abraham-bg2.jpg 600w, https:\/\/www.granitsbarbany.com\/wp-content\/uploads\/2020\/11\/anyell-abraham-bg2-191x300.jpg 191w\" sizes=\"(max-width: 600px) 100vw, 600px\" \/>\t\t\t\t<\/a>\n\t\t\t<\/div>\n\t\t\t\t<div class=\"eltdf-show-info\">\n            <div class=\"eltdf-show-info-wrapper\">\n                                    <div class=\"eltdf-show-categories-holder\">\n                                                    <a itemprop=\"url\" class=\"eltdf-show-categories\" href=\"https:\/\/www.granitsbarbany.com\/es\/shows-category\/lau-feliu-es\/\">Lau Feliu<\/a>\n                                            <\/div>\n                                                <div class=\"eltdf-show-title-holder\">\n                    <h5 itemprop=\"name\" class=\"eltdf-show-name entry-title\">\n                        <a itemprop=\"url\" href=\"https:\/\/www.granitsbarbany.com\/es\/obra\/cordero-de-abraham\/\">Cordero de Abraham<\/a>\n                    <\/h5>\n                <\/div>\n            <\/div>\n                            <div class=\"eltdf-show-excerpt-holder\">\n                    <span>[vc_row css=\u00bb.vc_custom_1596055518195{padding-top: 40px !important;}\u00bb][vc_column][vc_column_text]Est\u00e1s en Inicio \/ Proyectos \/ Artistas \/ Lau Feliu \/ Cordero de Abraham[\/vc_column_text][\/vc_column][vc_column width=\u00bb2\/3&#8243; css=\u00bb.vc_custom_1597084147399{padding-top: 30px !important;}\u00bb][\/vc_column][vc_column width=\u00bb1\/3&#8243;][vc_column_text] Autor Lau Feliu A\u00f1o 2017 Ubicaci\u00f3n Barcelona (Catalu\u00f1a) Material Granito de Tarn[\/vc_column_text][\/vc_column][\/vc_row]<\/span>\n                <\/div>\n                        <div class=\"eltdf-event-post-read-more-button\">\n                <a itemprop=\"url\" href=\"https:\/\/www.granitsbarbany.com\/es\/obra\/cordero-de-abraham\/\" target=\"_self\"  class=\"eltdf-btn eltdf-btn-medium eltdf-btn-simple eltdf-blog-list-button\"  >    <span class=\"eltdf-btn-text\">Ver m\u00e1s<\/span>    <\/a>            <\/div>\n\t\t<\/div>\n\t<\/div>\n<\/div>\n<div class=\"eltdf-show eltdf-item-space  show-item has-post-thumbnail hentry show-category-exhibition info-bellow post-8865 type-show-item status-publish hentry show-category-lau-feliu-es info-bellow\">\n\t<div class=\"eltdf-show-inner\">\n\t\t\t\t\t<div class=\"eltdf-show-image\">\n\t\t\t\t<a itemprop=\"url\" href=\"https:\/\/www.granitsbarbany.com\/es\/obra\/leon-de-juda\/\" target=\"_self\">\n\t\t\t\t\t<img width=\"600\" height=\"940\" src=\"https:\/\/www.granitsbarbany.com\/wp-content\/uploads\/2020\/11\/lleo-juda-bg1.jpg\" class=\"attachment-full size-full\" alt=\"\" loading=\"lazy\" srcset=\"https:\/\/www.granitsbarbany.com\/wp-content\/uploads\/2020\/11\/lleo-juda-bg1.jpg 600w, https:\/\/www.granitsbarbany.com\/wp-content\/uploads\/2020\/11\/lleo-juda-bg1-191x300.jpg 191w\" sizes=\"(max-width: 600px) 100vw, 600px\" \/>\t\t\t\t<\/a>\n\t\t\t<\/div>\n\t\t\t\t<div class=\"eltdf-show-info\">\n            <div class=\"eltdf-show-info-wrapper\">\n                                    <div class=\"eltdf-show-categories-holder\">\n                                                    <a itemprop=\"url\" class=\"eltdf-show-categories\" href=\"https:\/\/www.granitsbarbany.com\/es\/shows-category\/lau-feliu-es\/\">Lau Feliu<\/a>\n                                            <\/div>\n                                                <div class=\"eltdf-show-title-holder\">\n                    <h5 itemprop=\"name\" class=\"eltdf-show-name entry-title\">\n                        <a itemprop=\"url\" href=\"https:\/\/www.granitsbarbany.com\/es\/obra\/leon-de-juda\/\">Le\u00f3n de Jud\u00e1<\/a>\n                    <\/h5>\n                <\/div>\n            <\/div>\n                            <div class=\"eltdf-show-excerpt-holder\">\n                    <span>[vc_row css=\u00bb.vc_custom_1596055518195{padding-top: 40px !important;}\u00bb][vc_column][vc_column_text]Est\u00e1s en Inicio \/ Proyectos \/ Artistas \/ Lau Feliu \/ Le\u00f3n de Jud\u00e1[\/vc_column_text][\/vc_column][vc_column width=\u00bb2\/3&#8243; css=\u00bb.vc_custom_1597084147399{padding-top: 30px !important;}\u00bb][\/vc_column][vc_column width=\u00bb1\/3&#8243;][vc_column_text] Autor Lau Feliu A\u00f1o 2017 Ubicaci\u00f3n Barcelona (Catalu\u00f1a) Material Granito de Tarn[\/vc_column_text][\/vc_column][\/vc_row]<\/span>\n                <\/div>\n                        <div class=\"eltdf-event-post-read-more-button\">\n                <a itemprop=\"url\" href=\"https:\/\/www.granitsbarbany.com\/es\/obra\/leon-de-juda\/\" target=\"_self\"  class=\"eltdf-btn eltdf-btn-medium eltdf-btn-simple eltdf-blog-list-button\"  >    <span class=\"eltdf-btn-text\">Ver m\u00e1s<\/span>    <\/a>            <\/div>\n\t\t<\/div>\n\t<\/div>\n<\/div>\n<div class=\"eltdf-show eltdf-item-space  show-item has-post-thumbnail hentry show-category-exhibition info-bellow post-8857 type-show-item status-publish hentry show-category-lau-feliu-es info-bellow\">\n\t<div class=\"eltdf-show-inner\">\n\t\t\t\t\t<div class=\"eltdf-show-image\">\n\t\t\t\t<a itemprop=\"url\" href=\"https:\/\/www.granitsbarbany.com\/es\/obra\/san-pedro-y-san-pablo\/\" target=\"_self\">\n\t\t\t\t\t<img width=\"600\" height=\"940\" src=\"https:\/\/www.granitsbarbany.com\/wp-content\/uploads\/2020\/11\/sants-bg2.jpg\" class=\"attachment-full size-full\" alt=\"\" loading=\"lazy\" srcset=\"https:\/\/www.granitsbarbany.com\/wp-content\/uploads\/2020\/11\/sants-bg2.jpg 600w, https:\/\/www.granitsbarbany.com\/wp-content\/uploads\/2020\/11\/sants-bg2-191x300.jpg 191w\" sizes=\"(max-width: 600px) 100vw, 600px\" \/>\t\t\t\t<\/a>\n\t\t\t<\/div>\n\t\t\t\t<div class=\"eltdf-show-info\">\n            <div class=\"eltdf-show-info-wrapper\">\n                                    <div class=\"eltdf-show-categories-holder\">\n                                                    <a itemprop=\"url\" class=\"eltdf-show-categories\" href=\"https:\/\/www.granitsbarbany.com\/es\/shows-category\/lau-feliu-es\/\">Lau Feliu<\/a>\n                                            <\/div>\n                                                <div class=\"eltdf-show-title-holder\">\n                    <h5 itemprop=\"name\" class=\"eltdf-show-name entry-title\">\n                        <a itemprop=\"url\" href=\"https:\/\/www.granitsbarbany.com\/es\/obra\/san-pedro-y-san-pablo\/\">San Pedro y San Pablo<\/a>\n                    <\/h5>\n                <\/div>\n            <\/div>\n                            <div class=\"eltdf-show-excerpt-holder\">\n                    <span>[vc_row css=\u00bb.vc_custom_1596055518195{padding-top: 40px !important;}\u00bb][vc_column][vc_column_text]Est\u00e1s en Inicio \/ Proyectos \/ Artistas \/ Lau Feliu \/ San Pedro y San Pablo[\/vc_column_text][\/vc_column][vc_column width=\u00bb2\/3&#8243; css=\u00bb.vc_custom_1597084147399{padding-top: 30px !important;}\u00bb][\/vc_column][vc_column width=\u00bb1\/3&#8243;][vc_column_text] Autor Lau Feliu A\u00f1o 2019 Ubicaci\u00f3n Barcelona (Catalu\u00f1a) Material Piedra de Montju\u00efc[\/vc_column_text][\/vc_column][\/vc_row]<\/span>\n                <\/div>\n                        <div class=\"eltdf-event-post-read-more-button\">\n                <a itemprop=\"url\" href=\"https:\/\/www.granitsbarbany.com\/es\/obra\/san-pedro-y-san-pablo\/\" target=\"_self\"  class=\"eltdf-btn eltdf-btn-medium eltdf-btn-simple eltdf-blog-list-button\"  >    <span class=\"eltdf-btn-text\">Ver m\u00e1s<\/span>    <\/a>            <\/div>\n\t\t<\/div>\n\t<\/div>\n<\/div>\t<\/div>\n\t<\/div>[vc_column_text]<\/p>\n<h2>Sobre el artista:<\/h2>\n<p>Estanislau Feliu i Maspons, m\u00e1s conocido como Lau Feliu, es un escultor, pintor, ilustrador y orfebre nacido en Barcelona en 1957.<\/p>\n<p>En 1973 comenz\u00f3 a estudiar pintura en la escuela Massana de Barcelona. Dos a\u00f1os m\u00e1s tarde empez\u00f3 a trabajar en el taller de escultura de Cinto Casanovas, donde se especializ\u00f3 en la disciplina. Desde 1979 compagina su vocaci\u00f3n art\u00edstica con la docencia del arte.<\/p>\n<p>Sus obras tratan de manera recurrente aspectos como la dualidad entre hombre y mujer, los paisajes, los animales o los jinetes del apocalipsis. Feliu reflexiona en sus piezas sobre la incomunicaci\u00f3n, la naturaleza y las relaciones humanas, consiguiendo un equilibrio dif\u00edcil de encontrar entre mensaje e imagen.<\/p>\n<p>Entre sus notables contribuciones art\u00edsticas encontramos varias esculturas del <a class=\"breadcumbs active\" href=\"http:\/\/www.granitsbarbany.com\/es\/templo-expiatorio-de-la-sagrada-familia\/\" target=\"_blank\" rel=\"noopener\">Templo de la Sagrada Familia<\/a>, ubicadas en el cimacio de la fachada de la Pasi\u00f3n. Tambi\u00e9n ha expuesto y participado en diferentes ferias y galer\u00edas europeas.[\/vc_column_text][\/vc_column][\/vc_row][vc_row row_content_width=\u00bbgrid\u00bb disable_background_image=\u00bb\u00bb css=\u00bb.vc_custom_1590484665524{padding-top: 40px !important;padding-bottom: 40px !important;}\u00bb simple_background_image=\u00bb2547&#8243;][vc_column]<div class=\"eltdf-elements-holder   eltdf-two-columns  eltdf-responsive-mode-1024 eltdf-one-column-alignment-left\" ><div class=\"eltdf-eh-item    \"  data-item-class=\"eltdf-eh-custom-6705\" data-1400-1600=\"127px 60px 134px 150px\" data-1025-1399=\"127px 60px 134px 100px\" data-769-1024=\"127px 100px 62px 100px\" data-681-768=\"100px 20px 50px 20px\" data-680=\"80px 10px 60px 10px\">\n\t<div class=\"eltdf-eh-item-inner\">\n\t\t<div class=\"eltdf-eh-item-content eltdf-eh-custom-6705\" style=\"padding: 120px 110px 120px 110px\">\n\t\t\t<div class=\"eltdf-section-title-holder   \" style=\"text-align: left\">\n\t<div class=\"eltdf-st-inner\">\n                    <span class=\"eltdf-st-caption\" style=\"color: #ffffff;margin: 0 0 6px 0\">\n                <span class=\"eltdf-st-caption-inner\" >Seguim en contacte<\/span>\n            <\/span>\n        \t\t\t\t\t<h2 class=\"eltdf-st-title\" style=\"color: #ffffff\">\n    <span class=\"eltdf-st-title-inner\"><span class=\"eltdf-st-side-line-left\" ><\/span>Newsletter<span class=\"eltdf-st-side-line-right\" ><\/span><\/span>\n\t\t\t<\/h2>\n\t\t\t\t\t\t\t<\/div>\n<\/div>[vc_empty_space height=\u00bb4px\u00bb][vc_column_text]<\/p>\n<p style=\"color: #fff;\">Si quieres recibir novedades relativas a nuestro equipo y trabajo, d\u00e9janos tus datos para seguir en contacto por e-mail.<\/p>\n<p>[\/vc_column_text][vc_empty_space height=\u00bb24px\u00bb]\t\t<\/div>\n\t<\/div>\n<\/div><div class=\"eltdf-eh-item    \"  data-item-class=\"eltdf-eh-custom-5426\" data-1400-1600=\"32px 150px 40px 50px\" data-1025-1399=\"0 100px 40px 50px\" data-769-1024=\"0 100px 160px 100px\" data-681-768=\"0 20px 100px 20px\" data-680=\"0 10px 100px 10px\">\n\t<div class=\"eltdf-eh-item-inner\">\n\t\t<div class=\"eltdf-eh-item-content eltdf-eh-custom-5426\" style=\"padding: 80px 120px 40px 80px\">\n\t\t\t<div role=\"form\" class=\"wpcf7\" id=\"wpcf7-f10213-o1\" lang=\"es-ES\" dir=\"ltr\">\n<div class=\"screen-reader-response\"><p role=\"status\" aria-live=\"polite\" aria-atomic=\"true\"><\/p> <ul><\/ul><\/div>\n<form action=\"\/es\/wp-json\/wp\/v2\/pages\/9232#wpcf7-f10213-o1\" method=\"post\" class=\"wpcf7-form init\" novalidate=\"novalidate\" data-status=\"init\">\n<div style=\"display: none;\">\n<input type=\"hidden\" name=\"_wpcf7\" value=\"10213\" \/>\n<input type=\"hidden\" name=\"_wpcf7_version\" value=\"5.4.2\" \/>\n<input type=\"hidden\" name=\"_wpcf7_locale\" value=\"es_ES\" \/>\n<input type=\"hidden\" name=\"_wpcf7_unit_tag\" value=\"wpcf7-f10213-o1\" \/>\n<input type=\"hidden\" name=\"_wpcf7_container_post\" value=\"0\" \/>\n<input type=\"hidden\" name=\"_wpcf7_posted_data_hash\" value=\"\" \/>\n<input type=\"hidden\" name=\"_wpcf7_recaptcha_response\" value=\"\" \/>\n<\/div>\n<div class=\"eltdf-contact-form-main\">\n<p><label class=\"btnews-lb\"><span class=\"wpcf7-form-control-wrap your-name\"><input type=\"text\" name=\"your-name\" value=\"\" size=\"40\" class=\"wpcf7-form-control wpcf7-text wpcf7-validates-as-required\" aria-required=\"true\" aria-invalid=\"false\" placeholder=\"Nombre\" \/><\/span> <\/label><br \/>\n<label class=\"btnews-lb\"><span class=\"wpcf7-form-control-wrap your-email\"><input type=\"email\" name=\"your-email\" value=\"\" size=\"40\" class=\"wpcf7-form-control wpcf7-text wpcf7-email wpcf7-validates-as-required wpcf7-validates-as-email\" aria-required=\"true\" aria-invalid=\"false\" placeholder=\"Correo electr\u00f3nico\" \/><\/span> <\/label><\/p>\n<p><button type=\"submit\" class=\"wpcf7-form-control wpcf7-submit eltdf-btn eltdf-btn-medium eltdf-btn-outline-slit btnews eltdf-btn eltdf-btn-medium eltdf-btn-outline\"><span class=\"eltdf-btn-text\">Suscr\u00edbete<\/span><\/button>\n<\/p><\/div>\n<div class=\"wpcf7-response-output\" aria-hidden=\"true\"><\/div><\/form><\/div>\t\t<\/div>\n\t<\/div>\n<\/div><\/div>[\/vc_column][\/vc_row]<\/p>\n","protected":false},"excerpt":{"rendered":"<p>[vc_row row_content_width=\u00bbgrid\u00bb css=\u00bb.vc_custom_1596104169265{padding-top: 80px !important;}\u00bb][vc_column][vc_column_text]Est\u00e1s en Inicio \/ Proyectos \/ Artistas \/ Lau Feliu[\/vc_column_text][vc_empty_space height=\u00bb1px\u00bb][\/vc_column][\/vc_row][vc_row row_content_width=\u00bbgrid\u00bb css=\u00bb.vc_custom_1596104162782{padding-top: 50px !important;padding-bottom: 80px !important;}\u00bb][vc_column][vc_column_text] Sobre el artista: Estanislau Feliu i Maspons, m\u00e1s conocido como Lau Feliu, es un escultor, pintor, ilustrador y orfebre [&hellip;]<\/p>\n","protected":false},"author":1,"featured_media":0,"parent":0,"menu_order":0,"comment_status":"closed","ping_status":"closed","template":"full-width.php","meta":{"inline_featured_image":false},"_links":{"self":[{"href":"https:\/\/www.granitsbarbany.com\/es\/wp-json\/wp\/v2\/pages\/9232"}],"collection":[{"href":"https:\/\/www.granitsbarbany.com\/es\/wp-json\/wp\/v2\/pages"}],"about":[{"href":"https:\/\/www.granitsbarbany.com\/es\/wp-json\/wp\/v2\/types\/page"}],"author":[{"embeddable":true,"href":"https:\/\/www.granitsbarbany.com\/es\/wp-json\/wp\/v2\/users\/1"}],"replies":[{"embeddable":true,"href":"https:\/\/www.granitsbarbany.com\/es\/wp-json\/wp\/v2\/comments?post=9232"}],"version-history":[{"count":16,"href":"https:\/\/www.granitsbarbany.com\/es\/wp-json\/wp\/v2\/pages\/9232\/revisions"}],"predecessor-version":[{"id":13622,"href":"https:\/\/www.granitsbarbany.com\/es\/wp-json\/wp\/v2\/pages\/9232\/revisions\/13622"}],"wp:attachment":[{"href":"https:\/\/www.granitsbarbany.com\/es\/wp-json\/wp\/v2\/media?parent=9232"}],"curies":[{"name":"wp","href":"https:\/\/api.w.org\/{rel}","templated":true}]}}